{"id":22,"date":"2021-10-05T08:11:15","date_gmt":"2021-10-05T08:11:15","guid":{"rendered":"http:\/\/antares.scherer-kohl.de\/?page_id=22"},"modified":"2021-11-05T10:03:39","modified_gmt":"2021-11-05T10:03:39","slug":"geschichte","status":"publish","type":"page","link":"https:\/\/scherer-kohl.de\/index.php\/unternehmen\/geschichte\/","title":{"rendered":"Geschichte"},"content":{"rendered":"<div class=\"n2-section-smartslider fitvidsignore small-slider n2_clear\" data-ssid=\"16\"><div id=\"n2-ss-16-align\" class=\"n2-ss-align\"><div class=\"n2-padding\"><div id=\"n2-ss-16\" data-creator=\"Smart Slider 3\" data-responsive=\"fullwidth\" class=\"n2-ss-slider n2-ow n2-has-hover n2notransition  \">\n        <div class=\"n2-ss-slider-1 n2_ss__touch_element n2-ow\">\n            <div class=\"n2-ss-slider-2 n2-ow\">\n                                                <div class=\"n2-ss-slider-3 n2-ow\">\n\n                    <div class=\"n2-ss-slide-backgrounds n2-ow-all\"><div class=\"n2-ss-slide-background\" data-public-id=\"1\" data-mode=\"fill\"><div class=\"n2-ss-slide-background-image\" data-blur=\"0\" data-opacity=\"100\" data-x=\"46\" data-y=\"47\" data-alt=\"\" data-title=\"\" style=\"--ss-o-pos-x:46%;--ss-o-pos-y:47%\"><picture class=\"skip-lazy\" data-skip-lazy=\"1\"><img decoding=\"async\" src=\"\/\/scherer-kohl.de\/wp-content\/uploads\/2021\/11\/Schmaler-Header.jpg\" alt=\"\" title=\"\" loading=\"lazy\" class=\"skip-lazy\" data-skip-lazy=\"1\"><\/picture><\/div><div data-color=\"RGBA(255,255,255,0)\" style=\"background-color: RGBA(255,255,255,0);\" class=\"n2-ss-slide-background-color\"><\/div><\/div><\/div>                    <div class=\"n2-ss-slider-4 n2-ow\">\n                        <svg xmlns=\"http:\/\/www.w3.org\/2000\/svg\" viewBox=\"0 0 1200 140\" data-related-device=\"desktopPortrait\" class=\"n2-ow n2-ss-preserve-size n2-ss-preserve-size--slider n2-ss-slide-limiter\"><\/svg><div data-first=\"1\" data-slide-duration=\"0\" data-id=\"62\" data-slide-public-id=\"1\" data-title=\"slider-schmal-sk-2\" class=\"n2-ss-slide n2-ow  n2-ss-slide-62\"><div role=\"note\" class=\"n2-ss-slide--focus\" tabindex=\"-1\">slider-schmal-sk-2<\/div><div class=\"n2-ss-layers-container n2-ss-slide-limiter n2-ow\"><div class=\"n2-ss-layer n2-ow n-uc-DH4PWWWsIHPT\" data-sstype=\"slide\" data-pm=\"default\"><\/div><\/div><\/div>                    <\/div>\n\n                                    <\/div>\n            <\/div>\n        <\/div>\n        <\/div><ss3-loader><\/ss3-loader><\/div><\/div><div class=\"n2_clear\"><\/div><\/div>\n\n\n<div class=\"wp-block-qubely-row qubely-section qubely-block-aa7e66\"><div class=\"qubely-row-overlay\"><\/div><div class=\"qubely-container\"><div class=\"qubely-row \">\n<div class=\"wp-block-qubely-column qubely-column qubely-column-front qubely-block-0eeba5\"><div class=\"qubely-column-inner\">\n<div class=\"wp-block-qubely-heading qubely-block-06a7f2\"><div class=\"qubely-block-heading  qubely-has-separator qubely-separator-position-bottom\"><div class=\"qubely-heading-container\"><h2 class=\"qubely-heading-selector\"><meta charset=\"utf-8\">Geschichte<\/h2><div class=\"qubely-separator qubely-separator-after\"><span class=\"qubely-separator-type-css qubely-separator-solid\"><\/span><\/div><\/div><\/div><\/div>\n<\/div><\/div>\n<\/div><\/div><\/div>\n\n\n\n<div class=\"wp-block-qubely-row qubely-section qubely-block-9d06f2\"><div class=\"qubely-row-overlay\"><\/div><div class=\"qubely-container\"><div class=\"qubely-row \">\n<div class=\"wp-block-qubely-column qubely-column qubely-column-front qubely-block-14d45e\"><div class=\"qubely-column-inner\">\n<div class=\"wp-block-qubely-timeline qubely-block-ee5e60\"><div class=\"qubely-block-timeline  qubely-timeline-layout-vertical qubely-timeline-orientation-center\"><div class=\"qubely-timeline-items\"><div class=\"qubely-timeline-item qubely-timeline-left\"><div class=\"qubely-timeline-connector\"><\/div><div class=\"qubely-timeline-content\"><div class=\"qubely-timeline-description\"><h4 class=\"qubely-timeline-title\"><\/h4><div class=\"qubely-timeline-description\">Firmengr\u00fcndung (Fuhrunternehmen)<\/div><\/div><span class=\"qubely-timeline-indicator\"><\/span><\/div><div class=\"qubely-timeline-date-container\"><div class=\"qubely-timeline-date\">1960<\/div><\/div><\/div><div class=\"qubely-timeline-item qubely-timeline-right\"><div class=\"qubely-timeline-connector\"><\/div><div class=\"qubely-timeline-content\"><div class=\"qubely-timeline-description\"><h4 class=\"qubely-timeline-title\"><\/h4><div class=\"qubely-timeline-description\">Beginn der Ausf\u00fchrung von Abbrucharbeiten<\/div><\/div><span class=\"qubely-timeline-indicator\"><\/span><\/div><div class=\"qubely-timeline-date-container\"><div class=\"qubely-timeline-date\">1964<\/div><\/div><\/div><div class=\"qubely-timeline-item qubely-timeline-left\"><div class=\"qubely-timeline-connector\"><\/div><div class=\"qubely-timeline-content\"><div class=\"qubely-timeline-description\"><h4 class=\"qubely-timeline-title\"><\/h4><div class=\"qubely-timeline-description\">Beginn der Renaturierung von Ton- und Sandgruben<\/div><\/div><span class=\"qubely-timeline-indicator\"><\/span><\/div><div class=\"qubely-timeline-date-container\"><div class=\"qubely-timeline-date\">1966<\/div><\/div><\/div><div class=\"qubely-timeline-item qubely-timeline-right\"><div class=\"qubely-timeline-connector\"><\/div><div class=\"qubely-timeline-content\"><div class=\"qubely-timeline-description\"><h4 class=\"qubely-timeline-title\"><\/h4><div class=\"qubely-timeline-description\">Beginn der Bauschuttaufbereitung in Verbindung mit dem R\u00fcckbau der Zuckerfabrik in Frankenthal (Pfalz)<\/div><\/div><span class=\"qubely-timeline-indicator\"><\/span><\/div><div class=\"qubely-timeline-date-container\"><div class=\"qubely-timeline-date\">1976-80<\/div><\/div><\/div><div class=\"qubely-timeline-item qubely-timeline-left\"><div class=\"qubely-timeline-connector\"><\/div><div class=\"qubely-timeline-content\"><div class=\"qubely-timeline-description\"><h4 class=\"qubely-timeline-title\"><\/h4><div class=\"qubely-timeline-description\">Inbetriebnahme des Recyclingwerks I in Mannheim, Handelshafen. Einf\u00fchrung der Produktbezeichnung RECYLIT\u00ae<\/div><\/div><span class=\"qubely-timeline-indicator\"><\/span><\/div><div class=\"qubely-timeline-date-container\"><div class=\"qubely-timeline-date\">1980<\/div><\/div><\/div><div class=\"qubely-timeline-item qubely-timeline-right\"><div class=\"qubely-timeline-connector\"><\/div><div class=\"qubely-timeline-content\"><div class=\"qubely-timeline-description\"><h4 class=\"qubely-timeline-title\"><\/h4><div class=\"qubely-timeline-description\">Inbetriebnahme des Recyclingwerks II in Ludwigshafen, BASF<\/div><\/div><span class=\"qubely-timeline-indicator\"><\/span><\/div><div class=\"qubely-timeline-date-container\"><div class=\"qubely-timeline-date\">1988<\/div><\/div><\/div><div class=\"qubely-timeline-item qubely-timeline-left\"><div class=\"qubely-timeline-connector\"><\/div><div class=\"qubely-timeline-content\"><div class=\"qubely-timeline-description\"><h4 class=\"qubely-timeline-title\"><\/h4><div class=\"qubely-timeline-description\">Verf\u00fcllgenehmigung der Gruben in R\u00f6merberg und G\u00f6llheim<\/div><\/div><span class=\"qubely-timeline-indicator\"><\/span><\/div><div class=\"qubely-timeline-date-container\"><div class=\"qubely-timeline-date\">1990<\/div><\/div><\/div><div class=\"qubely-timeline-item qubely-timeline-right\"><div class=\"qubely-timeline-connector\"><\/div><div class=\"qubely-timeline-content\"><div class=\"qubely-timeline-description\"><h4 class=\"qubely-timeline-title\"><\/h4><div class=\"qubely-timeline-description\">Inbetriebnahme des Recyclingwerks III in Ludwigshafen, Kaiserw\u00f6rthhafen. Mineralisches Waschwerk und Immobilisierungsanlage<\/div><\/div><span class=\"qubely-timeline-indicator\"><\/span><\/div><div class=\"qubely-timeline-date-container\"><div class=\"qubely-timeline-date\">1996<\/div><\/div><\/div><div class=\"qubely-timeline-item qubely-timeline-left\"><div class=\"qubely-timeline-connector\"><\/div><div class=\"qubely-timeline-content\"><div class=\"qubely-timeline-description\"><h4 class=\"qubely-timeline-title\"><\/h4><div class=\"qubely-timeline-description\">Aufbereitung von HMV-Schlacken zu Sekund\u00e4rbaustoffen<\/div><\/div><span class=\"qubely-timeline-indicator\"><\/span><\/div><div class=\"qubely-timeline-date-container\"><div class=\"qubely-timeline-date\">1997<\/div><\/div><\/div><div class=\"qubely-timeline-item qubely-timeline-right\"><div class=\"qubely-timeline-connector\"><\/div><div class=\"qubely-timeline-content\"><div class=\"qubely-timeline-description\"><h4 class=\"qubely-timeline-title\"><\/h4><div class=\"qubely-timeline-description\">Erweiterung der Sonderabfallfl\u00e4chen<br>(damit verbunden mehr als 80 Abfallschl\u00fcssel)<\/div><\/div><span class=\"qubely-timeline-indicator\"><\/span><\/div><div class=\"qubely-timeline-date-container\"><div class=\"qubely-timeline-date\">2005-07<\/div><\/div><\/div><div class=\"qubely-timeline-item qubely-timeline-left\"><div class=\"qubely-timeline-connector\"><\/div><div class=\"qubely-timeline-content\"><div class=\"qubely-timeline-description\"><h4 class=\"qubely-timeline-title\"><\/h4><div class=\"qubely-timeline-description\">stolze 100%ige Tochter der Unternehmensgruppe <br>Jakob Becker GmbH &amp; Co. KG<\/div><\/div><span class=\"qubely-timeline-indicator\"><\/span><\/div><div class=\"qubely-timeline-date-container\"><div class=\"qubely-timeline-date\">seit 2008<\/div><\/div><\/div><div class=\"qubely-timeline-item qubely-timeline-right\"><div class=\"qubely-timeline-connector\"><\/div><div class=\"qubely-timeline-content\"><div class=\"qubely-timeline-description\"><h4 class=\"qubely-timeline-title\"><\/h4><div class=\"qubely-timeline-description\">Kauf der Firma Eneotech Umwelt GmbH<\/div><\/div><span class=\"qubely-timeline-indicator\"><\/span><\/div><div class=\"qubely-timeline-date-container\"><div class=\"qubely-timeline-date\">2014<\/div><\/div><\/div><\/div><\/div><\/div>\n<\/div><\/div>\n<\/div><\/div><\/div>\n","protected":false},"excerpt":{"rendered":"","protected":false},"author":2,"featured_media":0,"parent":18,"menu_order":31,"comment_status":"closed","ping_status":"closed","template":"","meta":{"qubely_global_settings":"","qubely_interactions":"","footnotes":""},"class_list":["post-22","page","type-page","status-publish","hentry"],"_links":{"self":[{"href":"https:\/\/scherer-kohl.de\/index.php\/wp-json\/wp\/v2\/pages\/22","targetHints":{"allow":["GET"]}}],"collection":[{"href":"https:\/\/scherer-kohl.de\/index.php\/wp-json\/wp\/v2\/pages"}],"about":[{"href":"https:\/\/scherer-kohl.de\/index.php\/wp-json\/wp\/v2\/types\/page"}],"author":[{"embeddable":true,"href":"https:\/\/scherer-kohl.de\/index.php\/wp-json\/wp\/v2\/users\/2"}],"replies":[{"embeddable":true,"href":"https:\/\/scherer-kohl.de\/index.php\/wp-json\/wp\/v2\/comments?post=22"}],"version-history":[{"count":23,"href":"https:\/\/scherer-kohl.de\/index.php\/wp-json\/wp\/v2\/pages\/22\/revisions"}],"predecessor-version":[{"id":1133,"href":"https:\/\/scherer-kohl.de\/index.php\/wp-json\/wp\/v2\/pages\/22\/revisions\/1133"}],"up":[{"embeddable":true,"href":"https:\/\/scherer-kohl.de\/index.php\/wp-json\/wp\/v2\/pages\/18"}],"wp:attachment":[{"href":"https:\/\/scherer-kohl.de\/index.php\/wp-json\/wp\/v2\/media?parent=22"}],"curies":[{"name":"wp","href":"https:\/\/api.w.org\/{rel}","templated":true}]}}